{"id":547,"date":"2012-01-17T12:12:58","date_gmt":"2012-01-17T11:12:58","guid":{"rendered":"http:\/\/www.jan-gehrke.de\/?page_id=547"},"modified":"2021-04-06T10:45:10","modified_gmt":"2021-04-06T08:45:10","slug":"ueber-mich","status":"publish","type":"page","link":"https:\/\/www.jan-gehrke.de\/de\/ueber\/ueber-mich\/","title":{"rendered":"\u00dcber mich"},"content":{"rendered":"<div class=\"flex_column av_one_half  flex_column_div first  avia-builder-el-0  el_before_av_one_half  avia-builder-el-first  \" ><p><section class=\"av_textblock_section \"  itemscope=\"itemscope\" itemtype=\"https:\/\/schema.org\/CreativeWork\" ><div class='avia_textblock  '   itemprop=\"text\" ><p>Geboren in Neum\u00fcnster\/Schleswig Holstein, weit im Norden von Deutschland.<\/p>\n<p>Aufgewachsen in einem kleinen l\u00e4ndlichen Dorf in der N\u00e4he von Wolfsburg. Eine Stadt gepr\u00e4gt von zwei Buchstaben: VW.<\/p>\n<p>Ich lebte in M\u00fcnchen und Sydney f\u00fcr eine paar Jahre, bevor es mich zuletzt nach Hamburg zog, wo ich derzeitig verweile.<\/p>\n<p>Meine Berufslaufbahn startete ich im Bereich Information Technology (IT), entwickelte mich von dort aus in den Bereich Suchmaschinenoptimierung und Online Marketing weiter, um letztendlich meiner Passion der Fotografie zu erliegen.<\/p>\n<p>Heute arbeite ich hart daran als Fotograf\/Fotoassistent oder Foto &amp; Video-K\u00fcnstler (wie auch immer man es nennen mag) Fu\u00df zu fassen.<\/p>\n<p>Bevorzugt nutze ich dazu meine Sony A7 III oder meine Blackmagic Kamera f\u00fcr kommerzielle Zwecke, greife aber auch gerne noch zu meiner analogen Hasselblad 500c\/m f\u00fcr freie k\u00fcnstlerische Arbeiten.<\/p>\n<p>Auf meinen Reisen verwende ich allerdings lieber meine Fujifilm X-Pro1, da sie deutlich handlicher ist.<\/p>\n<p>Zus\u00e4tzlich bin ich fit in allen g\u00e4ngigen digitalen Kamerasystemen\u00a0(Hasselblad, PhaseOne, Canon, Nikon, Sony).<\/p>\n<p>Interessiert an einer Zusammenarbeit?<\/p>\n<p>Treten Sie mit mir \u00fcber das Kontaktformular in Verbindung:<\/p>\n<\/div><\/section><br \/>\n<div class='avia-button-wrap avia-button-left  avia-builder-el-2  el_after_av_textblock  avia-builder-el-last '><a href='https:\/\/www.jan-gehrke.de\/contact-form\/'  class='avia-button   avia-icon_select-yes-left-icon avia-color-theme-color avia-size-medium avia-position-left '   ><span class='avia_button_icon avia_button_icon_left ' aria-hidden='true' data-av_icon='\ue805' data-av_iconfont='entypo-fontello'><\/span><span class='avia_iconbox_title' >Kontakt aufnehmen<\/span><\/a><\/div><\/p><\/div><div class=\"flex_column av_one_half  flex_column_div av-zero-column-padding   avia-builder-el-3  el_after_av_one_half  el_before_av_two_third  \" style='border-radius:0px; '><p><div class='avia-image-container  av-styling-    avia-builder-el-4  el_before_av_textblock  avia-builder-el-first  avia-align-center '  itemprop=\"image\" itemscope=\"itemscope\" itemtype=\"https:\/\/schema.org\/ImageObject\"  ><div class='avia-image-container-inner'><div class='avia-image-overlay-wrap'><img fetchpriority=\"high\" class='avia_image' src='https:\/\/www.jan-gehrke.de\/wp-content\/uploads\/2015\/09\/at-work-outside-ship-845x684.png' alt='' title='at-work-outside-ship' height=\"684\" width=\"845\"  itemprop=\"thumbnailUrl\"  \/><\/div><\/div><\/div><br \/>\n<section class=\"av_textblock_section \"  itemscope=\"itemscope\" itemtype=\"https:\/\/schema.org\/CreativeWork\" ><div class='avia_textblock  '   itemprop=\"text\" ><p>Jan Gehrke &#8211; Freier Fotograf aus Hamburg<\/p>\n<\/div><\/section><\/p><\/div><\/p>\n<div class=\"flex_column av_two_third  flex_column_div first  avia-builder-el-6  el_after_av_one_half  avia-builder-el-last  column-top-margin\" ><section class=\"av_textblock_section \"  itemscope=\"itemscope\" itemtype=\"https:\/\/schema.org\/CreativeWork\" ><div class='avia_textblock  '   itemprop=\"text\" ><h3>Weitere M\u00f6glichkeiten in Kontakt zu treten<\/h3>\n<div><a href=\"http:\/\/lnkd.in\/bcn_Xbh\" target=\"_blank\" rel=\"me noopener\"><img decoding=\"async\" alt=\"View Jan Gehrke's profile on LinkedIn\" src=\"http:\/\/s.c.lnkd.licdn.com\/scds\/common\/u\/img\/webpromo\/btn_viewmy_160x33.png\" width=\"160\" height=\"33\" border=\"0\" \/><\/a><\/div>\n<div><a href=\"https:\/\/www.xing.com\/profile\/Jan_Gehrke2\" target=\"_blank\" rel=\"me noopener\"><img decoding=\"async\" alt=\"Jan Gehrke - xing.com\" src=\"http:\/\/www.xing.com\/img\/buttons\/1_de_btn.gif\" width=\"85\" height=\"23\" \/><\/a><\/div>\n<div class=\"fb-like\" data-href=\"https:\/\/www.facebook.com\/JanGehrkePhotography\" data-width=\"125\" data-layout=\"button\" data-action=\"like\" data-show-faces=\"false\" data-share=\"false\"><\/div>\n<\/div><\/section><\/div>\n","protected":false},"excerpt":{"rendered":"","protected":false},"author":1,"featured_media":0,"parent":533,"menu_order":0,"comment_status":"closed","ping_status":"closed","template":"","meta":{"footnotes":""},"class_list":["post-547","page","type-page","status-publish","hentry"],"yoast_head":"<!-- This site is optimized with the Yoast SEO plugin v27.2 - https:\/\/yoast.com\/product\/yoast-seo-wordpress\/ -->\n<title>\u00dcber mich - Jan Gehrke Fotografie Hamburg<\/title>\n<meta name=\"robots\" content=\"index, follow, max-snippet:-1, max-image-preview:large, max-video-preview:-1\" \/>\n<link rel=\"canonical\" href=\"https:\/\/www.jan-gehrke.de\/de\/ueber\/ueber-mich\/\" \/>\n<meta property=\"og:locale\" content=\"de_DE\" \/>\n<meta property=\"og:type\" content=\"article\" \/>\n<meta property=\"og:title\" content=\"\u00dcber mich - Jan Gehrke Fotografie Hamburg\" \/>\n<meta property=\"og:url\" content=\"https:\/\/www.jan-gehrke.de\/de\/ueber\/ueber-mich\/\" \/>\n<meta property=\"og:site_name\" content=\"Jan Gehrke Fotografie Hamburg\" \/>\n<meta property=\"article:publisher\" content=\"http:\/\/facebook.com\/JanGehrkePhotography\" \/>\n<meta property=\"article:modified_time\" content=\"2021-04-06T08:45:10+00:00\" \/>\n<meta property=\"og:image\" content=\"http:\/\/s.c.lnkd.licdn.com\/scds\/common\/u\/img\/webpromo\/btn_viewmy_160x33.png\" \/>\n<meta name=\"twitter:card\" content=\"summary_large_image\" \/>\n<meta name=\"twitter:site\" content=\"@internet_mafia\" \/>\n<meta name=\"twitter:label1\" content=\"Gesch\u00e4tzte Lesezeit\" \/>\n\t<meta name=\"twitter:data1\" content=\"2\u00a0Minuten\" \/>\n<script type=\"application\/ld+json\" class=\"yoast-schema-graph\">{\"@context\":\"https:\/\/schema.org\",\"@graph\":[{\"@type\":\"WebPage\",\"@id\":\"https:\/\/www.jan-gehrke.de\/de\/ueber\/ueber-mich\/\",\"url\":\"https:\/\/www.jan-gehrke.de\/de\/ueber\/ueber-mich\/\",\"name\":\"\u00dcber mich - Jan Gehrke Fotografie Hamburg\",\"isPartOf\":{\"@id\":\"https:\/\/www.jan-gehrke.de\/de\/#website\"},\"primaryImageOfPage\":{\"@id\":\"https:\/\/www.jan-gehrke.de\/de\/ueber\/ueber-mich\/#primaryimage\"},\"image\":{\"@id\":\"https:\/\/www.jan-gehrke.de\/de\/ueber\/ueber-mich\/#primaryimage\"},\"thumbnailUrl\":\"http:\/\/s.c.lnkd.licdn.com\/scds\/common\/u\/img\/webpromo\/btn_viewmy_160x33.png\",\"datePublished\":\"2012-01-17T11:12:58+00:00\",\"dateModified\":\"2021-04-06T08:45:10+00:00\",\"breadcrumb\":{\"@id\":\"https:\/\/www.jan-gehrke.de\/de\/ueber\/ueber-mich\/#breadcrumb\"},\"inLanguage\":\"de\",\"potentialAction\":[{\"@type\":\"ReadAction\",\"target\":[\"https:\/\/www.jan-gehrke.de\/de\/ueber\/ueber-mich\/\"]}]},{\"@type\":\"ImageObject\",\"inLanguage\":\"de\",\"@id\":\"https:\/\/www.jan-gehrke.de\/de\/ueber\/ueber-mich\/#primaryimage\",\"url\":\"http:\/\/s.c.lnkd.licdn.com\/scds\/common\/u\/img\/webpromo\/btn_viewmy_160x33.png\",\"contentUrl\":\"http:\/\/s.c.lnkd.licdn.com\/scds\/common\/u\/img\/webpromo\/btn_viewmy_160x33.png\"},{\"@type\":\"BreadcrumbList\",\"@id\":\"https:\/\/www.jan-gehrke.de\/de\/ueber\/ueber-mich\/#breadcrumb\",\"itemListElement\":[{\"@type\":\"ListItem\",\"position\":1,\"name\":\"Home\",\"item\":\"https:\/\/www.jan-gehrke.de\/de\/\"},{\"@type\":\"ListItem\",\"position\":2,\"name\":\"\u00dcber\",\"item\":\"https:\/\/www.jan-gehrke.de\/de\/ueber\/\"},{\"@type\":\"ListItem\",\"position\":3,\"name\":\"\u00dcber mich\"}]},{\"@type\":\"WebSite\",\"@id\":\"https:\/\/www.jan-gehrke.de\/de\/#website\",\"url\":\"https:\/\/www.jan-gehrke.de\/de\/\",\"name\":\"Jan Gehrke Fotografie Hamburg\",\"description\":\"Freier Fotograf in Hamburg\",\"potentialAction\":[{\"@type\":\"SearchAction\",\"target\":{\"@type\":\"EntryPoint\",\"urlTemplate\":\"https:\/\/www.jan-gehrke.de\/de\/?s={search_term_string}\"},\"query-input\":{\"@type\":\"PropertyValueSpecification\",\"valueRequired\":true,\"valueName\":\"search_term_string\"}}],\"inLanguage\":\"de\"}]}<\/script>\n<!-- \/ Yoast SEO plugin. -->","yoast_head_json":{"title":"\u00dcber mich - Jan Gehrke Fotografie Hamburg","robots":{"index":"index","follow":"follow","max-snippet":"max-snippet:-1","max-image-preview":"max-image-preview:large","max-video-preview":"max-video-preview:-1"},"canonical":"https:\/\/www.jan-gehrke.de\/de\/ueber\/ueber-mich\/","og_locale":"de_DE","og_type":"article","og_title":"\u00dcber mich - Jan Gehrke Fotografie Hamburg","og_url":"https:\/\/www.jan-gehrke.de\/de\/ueber\/ueber-mich\/","og_site_name":"Jan Gehrke Fotografie Hamburg","article_publisher":"http:\/\/facebook.com\/JanGehrkePhotography","article_modified_time":"2021-04-06T08:45:10+00:00","og_image":[{"url":"http:\/\/s.c.lnkd.licdn.com\/scds\/common\/u\/img\/webpromo\/btn_viewmy_160x33.png","type":"","width":"","height":""}],"twitter_card":"summary_large_image","twitter_site":"@internet_mafia","twitter_misc":{"Gesch\u00e4tzte Lesezeit":"2\u00a0Minuten"},"schema":{"@context":"https:\/\/schema.org","@graph":[{"@type":"WebPage","@id":"https:\/\/www.jan-gehrke.de\/de\/ueber\/ueber-mich\/","url":"https:\/\/www.jan-gehrke.de\/de\/ueber\/ueber-mich\/","name":"\u00dcber mich - Jan Gehrke Fotografie Hamburg","isPartOf":{"@id":"https:\/\/www.jan-gehrke.de\/de\/#website"},"primaryImageOfPage":{"@id":"https:\/\/www.jan-gehrke.de\/de\/ueber\/ueber-mich\/#primaryimage"},"image":{"@id":"https:\/\/www.jan-gehrke.de\/de\/ueber\/ueber-mich\/#primaryimage"},"thumbnailUrl":"http:\/\/s.c.lnkd.licdn.com\/scds\/common\/u\/img\/webpromo\/btn_viewmy_160x33.png","datePublished":"2012-01-17T11:12:58+00:00","dateModified":"2021-04-06T08:45:10+00:00","breadcrumb":{"@id":"https:\/\/www.jan-gehrke.de\/de\/ueber\/ueber-mich\/#breadcrumb"},"inLanguage":"de","potentialAction":[{"@type":"ReadAction","target":["https:\/\/www.jan-gehrke.de\/de\/ueber\/ueber-mich\/"]}]},{"@type":"ImageObject","inLanguage":"de","@id":"https:\/\/www.jan-gehrke.de\/de\/ueber\/ueber-mich\/#primaryimage","url":"http:\/\/s.c.lnkd.licdn.com\/scds\/common\/u\/img\/webpromo\/btn_viewmy_160x33.png","contentUrl":"http:\/\/s.c.lnkd.licdn.com\/scds\/common\/u\/img\/webpromo\/btn_viewmy_160x33.png"},{"@type":"BreadcrumbList","@id":"https:\/\/www.jan-gehrke.de\/de\/ueber\/ueber-mich\/#breadcrumb","itemListElement":[{"@type":"ListItem","position":1,"name":"Home","item":"https:\/\/www.jan-gehrke.de\/de\/"},{"@type":"ListItem","position":2,"name":"\u00dcber","item":"https:\/\/www.jan-gehrke.de\/de\/ueber\/"},{"@type":"ListItem","position":3,"name":"\u00dcber mich"}]},{"@type":"WebSite","@id":"https:\/\/www.jan-gehrke.de\/de\/#website","url":"https:\/\/www.jan-gehrke.de\/de\/","name":"Jan Gehrke Fotografie Hamburg","description":"Freier Fotograf in Hamburg","potentialAction":[{"@type":"SearchAction","target":{"@type":"EntryPoint","urlTemplate":"https:\/\/www.jan-gehrke.de\/de\/?s={search_term_string}"},"query-input":{"@type":"PropertyValueSpecification","valueRequired":true,"valueName":"search_term_string"}}],"inLanguage":"de"}]}},"jetpack_sharing_enabled":true,"_links":{"self":[{"href":"https:\/\/www.jan-gehrke.de\/de\/wp-json\/wp\/v2\/pages\/547","targetHints":{"allow":["GET"]}}],"collection":[{"href":"https:\/\/www.jan-gehrke.de\/de\/wp-json\/wp\/v2\/pages"}],"about":[{"href":"https:\/\/www.jan-gehrke.de\/de\/wp-json\/wp\/v2\/types\/page"}],"author":[{"embeddable":true,"href":"https:\/\/www.jan-gehrke.de\/de\/wp-json\/wp\/v2\/users\/1"}],"replies":[{"embeddable":true,"href":"https:\/\/www.jan-gehrke.de\/de\/wp-json\/wp\/v2\/comments?post=547"}],"version-history":[{"count":4,"href":"https:\/\/www.jan-gehrke.de\/de\/wp-json\/wp\/v2\/pages\/547\/revisions"}],"predecessor-version":[{"id":153656,"href":"https:\/\/www.jan-gehrke.de\/de\/wp-json\/wp\/v2\/pages\/547\/revisions\/153656"}],"up":[{"embeddable":true,"href":"https:\/\/www.jan-gehrke.de\/de\/wp-json\/wp\/v2\/pages\/533"}],"wp:attachment":[{"href":"https:\/\/www.jan-gehrke.de\/de\/wp-json\/wp\/v2\/media?parent=547"}],"curies":[{"name":"wp","href":"https:\/\/api.w.org\/{rel}","templated":true}]}}